{"id":184,"date":"2023-04-11T17:10:51","date_gmt":"2023-04-11T15:10:51","guid":{"rendered":"https:\/\/ambcopenaghen.esteri.it\/home\/"},"modified":"2023-04-11T17:10:51","modified_gmt":"2023-04-11T15:10:51","slug":"home","status":"publish","type":"page","link":"https:\/\/ambcopenaghen.esteri.it\/da\/","title":{"rendered":"Home"},"content":{"rendered":"        <section class=\"it-hero-wrapper it-dark it-overlay it-text-centered\">\n            <!-- - img-->\n            <div class=\"img-responsive-wrapper\">\n                <div class=\"img-responsive\">\n                    <div class=\"img-wrapper\">\n                        <img decoding=\"async\" loading=\"lazy\" width=\"1012\" height=\"853\" src=\"https:\/\/ambcopenaghen.esteri.it\/wp-content\/uploads\/2023\/07\/Conferenza-Chris-Fischer.jpg\" srcset=\"https:\/\/ambcopenaghen.esteri.it\/wp-content\/uploads\/2023\/07\/Conferenza-Chris-Fischer.jpg 1012w, https:\/\/ambcopenaghen.esteri.it\/wp-content\/uploads\/2023\/07\/Conferenza-Chris-Fischer-300x253.jpg 300w, https:\/\/ambcopenaghen.esteri.it\/wp-content\/uploads\/2023\/07\/Conferenza-Chris-Fischer-768x647.jpg 768w\" sizes=\"auto, (max-width: 1012px) 100vw, 1012px\" alt=\"Velkommen til Den Italienske Ambassades hjemmeside\">\n                    <\/div>\n                <\/div>\n            <\/div>\n            <!-- - texts-->\n            <div class=\"container\">\n                <div class=\"row\">\n                    <div class=\"col-12\">\n                        <div class=\"it-hero-text-wrapper bg-dark\">\n                            <h2 class=\"h1\"><a class=\"text-white text-decoration-none\" href=\"https:\/\/ambcopenaghen.esteri.it\/da\/chi-siamo\/\" title=\"G\u00e5 til siden https:\/\/ambcopenaghen.esteri.it\/da\/chi-siamo\/\"> Velkommen til Den Italienske Ambassades hjemmeside<\/a><\/h2>\n                        <\/div>\n                    <\/div>\n                <\/div>\n            <\/div>\n    <\/section>\n        \n\n        <section class=\"container-fluid primary-bg\">\n        <div class=\"box-container-maxwidth argomenti\">\n            <div class=\"row p-md-5 p-2 text-center\">\n                <div class=\"col-md-3\">\n                    <h3 class=\"text-white\">Fremh\u00e6vede emner<\/h3>\n                <\/div>\n                <div class=\"col-md-9\">\n                                        <div class=\"chip chip-info chip-lg\">\n                        <a href=\"https:\/\/prenotami.esteri.it\/\" title=\"G\u00e5 til siden Prenota il tuo appuntamento\" class=\"chip-label\">Prenota il tuo appuntamento<\/a>\n                    <\/div>\n                                    <\/div>\n            <\/div>\n        <\/div>\n    <\/section>\n        \n    <section class=\"container-fluid c-line lightgrey-bg-a4 pt-5 pb-5\">\n        <div class=\"container\">\n        <div class=\"row pb-5\">\n            <div class=\"col-md-12 text-center\">\n                <h3>Nyheder og pressemeddelelser<\/h3>\n            <\/div>\n        <\/div>\n        <div class=\"row\">\n                        <div class=\"col-12 col-lg-8\">                <div>\n                <!--start card-->\n                <div class=\"card-wrapper \">\n                    <div class=\"card card-img c-line lightgrey-bg-a4\">\n                        <div class=\"img-responsive-wrapper\">\n                            <div class=\"img-responsive\">\n                                <figure class=\"img-wrapper\">\n                                    <a href=\"https:\/\/ambcopenaghen.esteri.it\/da\/news\/dall_ambasciata\/2026\/04\/indhentning-af-tilbud-om-sponsorbidrag-til-fejringen-af-italiens-nationaldag-d-3-juni-2026\/\" title=\"L\u00e6s artiklen: Indhentning af tilbud om sponsorbidrag til fejringen af Italiens Nationaldag, d. 3. juni 2026\">\n                                                                            <img decoding=\"async\" loading=\"lazy\" class=\"img-fluid\" width=\"640\" height=\"361\" src=\"https:\/\/ambcopenaghen.esteri.it\/wp-content\/uploads\/2026\/02\/Logo-Ambasciata_1.png\" srcset=\"https:\/\/ambcopenaghen.esteri.it\/wp-content\/uploads\/2026\/02\/Logo-Ambasciata_1.png 781w, https:\/\/ambcopenaghen.esteri.it\/wp-content\/uploads\/2026\/02\/Logo-Ambasciata_1-300x169.png 300w, https:\/\/ambcopenaghen.esteri.it\/wp-content\/uploads\/2026\/02\/Logo-Ambasciata_1-768x434.png 768w\" sizes=\"auto, (max-width: 781px) 100vw, 781px\" title=\"Logo Ambasciata_1\" alt=\"\">\n                                     \n                                    <\/a>\n                                <\/figure>\n                            <\/div>\n                        <\/div>\n                        <div class=\"card-body\">\n                            <div class=\"category-top \">\n                                <svg class=\"icon icon-sm\">\n                                    <use xlink:href=\"https:\/\/ambcopenaghen.esteri.it\/wp-content\/themes\/sedi-tema\/assets\/svg\/sprites.svg#it-calendar\"><\/use>\n                                <\/svg>\n                            <!-- <a class=\"category\" title=\"Vai alla pagina: Approfondimenti\" href=\"https:\/\/www.esteri.it\/it\/sala_stampa\/archivionotizie\/approfondimenti\/\">Approfondimenti<\/a> -->\n                                <span class=\"ms-2\">16 apr 2026<\/span>\n                            <\/div>\n                        <p class=\"h4 mb-2\"><a class=\"text-decoration-none text-body\" href=\"https:\/\/ambcopenaghen.esteri.it\/da\/news\/dall_ambasciata\/2026\/04\/indhentning-af-tilbud-om-sponsorbidrag-til-fejringen-af-italiens-nationaldag-d-3-juni-2026\/\" title=\"L\u00e6s artiklen: Indhentning af tilbud om sponsorbidrag til fejringen af Italiens Nationaldag, d. 3. juni 2026\">Indhentning af tilbud om sponsorbidrag til fejringen af Italiens Nationaldag, d. 3. juni 2026<\/a><\/p>\n                        <p class=\"card-text\">&nbsp; Ambassaden \u00e5bner hermed for interessetilkendegivelser fra \u00f8konomiske akt\u00f8rer, der m\u00e5tte v\u00e6re interesserede i at yde et teknisk eller \u00f8konomisk...<\/p>\n                        <a class=\"read-more\" href=\"https:\/\/ambcopenaghen.esteri.it\/da\/news\/dall_ambasciata\/2026\/04\/indhentning-af-tilbud-om-sponsorbidrag-til-fejringen-af-italiens-nationaldag-d-3-juni-2026\/\" title=\"L\u00e6s artiklen: Indhentning af tilbud om sponsorbidrag til fejringen af Italiens Nationaldag, d. 3. juni 2026\">\n                            <span class=\"text\">L\u00e6s mere<\/span>\n                            <svg class=\"icon\">\n                            <use href=\"https:\/\/ambcopenaghen.esteri.it\/wp-content\/themes\/sedi-tema\/assets\/svg\/sprites.svg#it-arrow-right\"><\/use>\n                            <\/svg><\/a>\n                        <\/div>\n                    <\/div>\n                <\/div>\n                <!--end card-->\n                <\/div>\n            <\/div>                        <div class=\"col-12 col-lg-4\">                <div>\n                <!--start card-->\n                <div class=\"card-wrapper card-space\">\n                    <div class=\"card card-img card-bg no-after\">\n                        <div class=\"img-responsive-wrapper\">\n                            <div class=\"img-responsive\">\n                                <figure class=\"img-wrapper\">\n                                    <a href=\"https:\/\/ambcopenaghen.esteri.it\/da\/news\/dall_ambasciata\/2026\/03\/aabning-af-dronning-margrethe-iis-bro\/\" title=\"L\u00e6s artiklen: \u00c5bning af Dronning Margrethe II&#039;s Bro\">\n                                                                            <img decoding=\"async\" loading=\"lazy\" class=\"img-fluid\" width=\"640\" height=\"416\" src=\"https:\/\/ambcopenaghen.esteri.it\/wp-content\/uploads\/2026\/03\/foto-1-768x499.jpg\" srcset=\"https:\/\/ambcopenaghen.esteri.it\/wp-content\/uploads\/2026\/03\/foto-1.jpg 1600w, https:\/\/ambcopenaghen.esteri.it\/wp-content\/uploads\/2026\/03\/foto-1-300x195.jpg 300w, https:\/\/ambcopenaghen.esteri.it\/wp-content\/uploads\/2026\/03\/foto-1-1024x666.jpg 1024w, https:\/\/ambcopenaghen.esteri.it\/wp-content\/uploads\/2026\/03\/foto-1-768x499.jpg 768w\" sizes=\"auto, (max-width: 1600px) 100vw, 1600px\" title=\"foto 1\" alt=\"\">\n                                     \n                                    <\/a>\n                                <\/figure>\n                            <\/div>\n                        <\/div>\n                        <div class=\"card-body\">\n                            <div class=\"category-top cat-lat\">\n                                <svg class=\"icon icon-sm\">\n                                    <use xlink:href=\"https:\/\/ambcopenaghen.esteri.it\/wp-content\/themes\/sedi-tema\/assets\/svg\/sprites.svg#it-calendar\"><\/use>\n                                <\/svg>\n                            <!-- <a class=\"category\" title=\"Vai alla pagina: Approfondimenti\" href=\"https:\/\/www.esteri.it\/it\/sala_stampa\/archivionotizie\/approfondimenti\/\">Approfondimenti<\/a> -->\n                                <span class=\"ms-2\">25 mar 2026<\/span>\n                            <\/div>\n                        <p class=\"h6 card-title mb-5\"><a class=\"text-decoration-none text-body\" href=\"https:\/\/ambcopenaghen.esteri.it\/da\/news\/dall_ambasciata\/2026\/03\/aabning-af-dronning-margrethe-iis-bro\/\" title=\"L\u00e6s artiklen: \u00c5bning af Dronning Margrethe II&#039;s Bro\">\u00c5bning af Dronning Margrethe II's Bro<\/a><\/p>\n                        <p class=\"card-text\"><\/p>\n                        <a class=\"read-more\" href=\"https:\/\/ambcopenaghen.esteri.it\/da\/news\/dall_ambasciata\/2026\/03\/aabning-af-dronning-margrethe-iis-bro\/\" title=\"L\u00e6s artiklen: \u00c5bning af Dronning Margrethe II&#039;s Bro\">\n                            <span class=\"text\">L\u00e6s mere<\/span>\n                            <svg class=\"icon\">\n                            <use href=\"https:\/\/ambcopenaghen.esteri.it\/wp-content\/themes\/sedi-tema\/assets\/svg\/sprites.svg#it-arrow-right\"><\/use>\n                            <\/svg><\/a>\n                        <\/div>\n                    <\/div>\n                <\/div>\n                <!--end card-->\n                <\/div>\n                                                    <div>\n                <!--start card-->\n                <div class=\"card-wrapper card-space\">\n                    <div class=\"card card-img card-bg no-after\">\n                        <div class=\"img-responsive-wrapper\">\n                            <div class=\"img-responsive\">\n                                <figure class=\"img-wrapper\">\n                                    <a href=\"https:\/\/ambcopenaghen.esteri.it\/da\/news\/dall_ambasciata\/2026\/03\/italian-design-day-i-koebenhavn-10-marts-2026\/\" title=\"L\u00e6s artiklen: Italian Design Day i K\u00f8benhavn - 10. marts 2026\">\n                                                                            <img decoding=\"async\" loading=\"lazy\" class=\"img-fluid\" width=\"640\" height=\"407\" src=\"https:\/\/ambcopenaghen.esteri.it\/wp-content\/uploads\/2026\/03\/Foto-Piero-Lissoni-3-768x488.jpg\" srcset=\"https:\/\/ambcopenaghen.esteri.it\/wp-content\/uploads\/2026\/03\/Foto-Piero-Lissoni-3.jpg 960w, https:\/\/ambcopenaghen.esteri.it\/wp-content\/uploads\/2026\/03\/Foto-Piero-Lissoni-3-300x191.jpg 300w, https:\/\/ambcopenaghen.esteri.it\/wp-content\/uploads\/2026\/03\/Foto-Piero-Lissoni-3-768x488.jpg 768w\" sizes=\"auto, (max-width: 960px) 100vw, 960px\" title=\"Foto Piero Lissoni 3\" alt=\"\">\n                                     \n                                    <\/a>\n                                <\/figure>\n                            <\/div>\n                        <\/div>\n                        <div class=\"card-body\">\n                            <div class=\"category-top cat-lat\">\n                                <svg class=\"icon icon-sm\">\n                                    <use xlink:href=\"https:\/\/ambcopenaghen.esteri.it\/wp-content\/themes\/sedi-tema\/assets\/svg\/sprites.svg#it-calendar\"><\/use>\n                                <\/svg>\n                            <!-- <a class=\"category\" title=\"Vai alla pagina: Approfondimenti\" href=\"https:\/\/www.esteri.it\/it\/sala_stampa\/archivionotizie\/approfondimenti\/\">Approfondimenti<\/a> -->\n                                <span class=\"ms-2\">11 mar 2026<\/span>\n                            <\/div>\n                        <p class=\"h6 card-title mb-5\"><a class=\"text-decoration-none text-body\" href=\"https:\/\/ambcopenaghen.esteri.it\/da\/news\/dall_ambasciata\/2026\/03\/italian-design-day-i-koebenhavn-10-marts-2026\/\" title=\"L\u00e6s artiklen: Italian Design Day i K\u00f8benhavn - 10. marts 2026\">Italian Design Day i K\u00f8benhavn - 10. marts...<\/a><\/p>\n                        <p class=\"card-text\"><\/p>\n                        <a class=\"read-more\" href=\"https:\/\/ambcopenaghen.esteri.it\/da\/news\/dall_ambasciata\/2026\/03\/italian-design-day-i-koebenhavn-10-marts-2026\/\" title=\"L\u00e6s artiklen: Italian Design Day i K\u00f8benhavn - 10. marts 2026\">\n                            <span class=\"text\">L\u00e6s mere<\/span>\n                            <svg class=\"icon\">\n                            <use href=\"https:\/\/ambcopenaghen.esteri.it\/wp-content\/themes\/sedi-tema\/assets\/svg\/sprites.svg#it-arrow-right\"><\/use>\n                            <\/svg><\/a>\n                        <\/div>\n                    <\/div>\n                <\/div>\n                <!--end card-->\n                <\/div>\n            <\/div>                    <\/div>\n        <\/div>\n    <\/section>\n        \n        <!-- Sezione siti tematici -->\n        <section class=\"container pt-5 pb-5\">\n          <div class=\"row pt-5\">\n              <div class=\"col-12 text-center\">\n                <h3>Farnesina portaler<\/h3>\n            <\/div>\n          <\/div>\n          <div class=\"py-4\">\n            <div class=\"card-wrapper card-teaser-wrapper card-teaser-wrapper-equal card-teaser-block-3\">\n                            <div class=\"card card-teaser card-bg-violet rounded\">\n                    <div class=\"avatar siti-tematici-img size-lg me-3 rounded-0 bg-transparent\">\n                    <picture>\n                        <source type=\"image\/webp\" srcset=\"https:\/\/ambcopenaghen.esteri.it\/wp-content\/themes\/sedi-tema\/assets\/img\/icone-portali\/2x\/rocket-2x.webp 2x,https:\/\/ambcopenaghen.esteri.it\/wp-content\/themes\/sedi-tema\/assets\/img\/icone-portali\/1x\/rocket.webp 1x\" >\n                        <source type=\"image\/png\" srcset=\"https:\/\/ambcopenaghen.esteri.it\/wp-content\/themes\/sedi-tema\/assets\/img\/icone-portali\/rocket.png\" >\n                        <img decoding=\"async\" loading=\"lazy\" width=\"40\" height=\"40\" class=\"rounded-0\" src=\"https:\/\/ambcopenaghen.esteri.it\/wp-content\/themes\/sedi-tema\/assets\/img\/icone-portali\/rocket.png\"  alt=\"Fast IT\" >\n                    <\/picture> \n                    <\/div>\n                    <div class=\"card-body\">\n                    <a class=\"text-white siti-tematici text-decoration-none\" title=\"G\u00e5 til portalen Fast IT\" target=\"_blank\" href=\"https:\/\/serviziconsolari.esteri.it\/\" rel=\"noopener\">\n                    <p class=\"card-title h4\">\n                        Fast IT                    <\/p>\n                    <p class=\"card-text text-sans-serif\">\n                        Portal for Italian citizens resident abroad                    <\/p>\n                    <\/a>\n                    <\/div>\n                <\/div>\n                            <div class=\"card card-teaser card-bg-celeste rounded\">\n                    <div class=\"avatar siti-tematici-img size-lg me-3 rounded-0 bg-transparent\">\n                    <picture>\n                        <source type=\"image\/webp\" srcset=\"https:\/\/ambcopenaghen.esteri.it\/wp-content\/themes\/sedi-tema\/assets\/img\/icone-portali\/2x\/opportunitaly-2x.webp 2x,https:\/\/ambcopenaghen.esteri.it\/wp-content\/themes\/sedi-tema\/assets\/img\/icone-portali\/1x\/opportunitaly.webp 1x\" >\n                        <source type=\"image\/png\" srcset=\"https:\/\/ambcopenaghen.esteri.it\/wp-content\/themes\/sedi-tema\/assets\/img\/icone-portali\/opportunitaly.png\" >\n                        <img decoding=\"async\" loading=\"lazy\" width=\"40\" height=\"40\" class=\"rounded-0\" src=\"https:\/\/ambcopenaghen.esteri.it\/wp-content\/themes\/sedi-tema\/assets\/img\/icone-portali\/opportunitaly.png\"  alt=\"OpportunItaly\" >\n                    <\/picture> \n                    <\/div>\n                    <div class=\"card-body\">\n                    <a class=\"text-white siti-tematici text-decoration-none\" title=\"G\u00e5 til portalen OpportunItaly\" target=\"_blank\" href=\"https:\/\/opportunitaly.gov.it\/\" rel=\"noopener\">\n                    <p class=\"card-title h4\">\n                        OpportunItaly                    <\/p>\n                    <p class=\"card-text text-sans-serif\">\n                        Driving business growth with Italian excellence                    <\/p>\n                    <\/a>\n                    <\/div>\n                <\/div>\n                            <div class=\"card card-teaser card-bg-danger rounded\">\n                    <div class=\"avatar siti-tematici-img size-lg me-3 rounded-0 bg-transparent\">\n                    <picture>\n                        <source type=\"image\/webp\" srcset=\"https:\/\/ambcopenaghen.esteri.it\/wp-content\/themes\/sedi-tema\/assets\/img\/icone-portali\/2x\/around-the-world-2x.webp 2x,https:\/\/ambcopenaghen.esteri.it\/wp-content\/themes\/sedi-tema\/assets\/img\/icone-portali\/1x\/around-the-world.webp 1x\" >\n                        <source type=\"image\/png\" srcset=\"https:\/\/ambcopenaghen.esteri.it\/wp-content\/themes\/sedi-tema\/assets\/img\/icone-portali\/around-the-world.png\" >\n                        <img decoding=\"async\" loading=\"lazy\" width=\"40\" height=\"40\" class=\"rounded-0\" src=\"https:\/\/ambcopenaghen.esteri.it\/wp-content\/themes\/sedi-tema\/assets\/img\/icone-portali\/around-the-world.png\"  alt=\"Viaggiare Sicuri\" >\n                    <\/picture> \n                    <\/div>\n                    <div class=\"card-body\">\n                    <a class=\"text-white siti-tematici text-decoration-none\" title=\"G\u00e5 til portalen Viaggiare Sicuri\" target=\"_blank\" href=\"https:\/\/www.viaggiaresicuri.it\/\" rel=\"noopener\">\n                    <p class=\"card-title h4\">\n                        Viaggiare Sicuri                    <\/p>\n                    <p class=\"card-text text-sans-serif\">\n                        Information to Italian citizens planning to travel abroad                    <\/p>\n                    <\/a>\n                    <\/div>\n                <\/div>\n                            <div class=\"card card-teaser card-bg-success rounded\">\n                    <div class=\"avatar siti-tematici-img size-lg me-3 rounded-0 bg-transparent\">\n                    <picture>\n                        <source type=\"image\/webp\" srcset=\"https:\/\/ambcopenaghen.esteri.it\/wp-content\/themes\/sedi-tema\/assets\/img\/icone-portali\/2x\/markets-2x.webp 2x,https:\/\/ambcopenaghen.esteri.it\/wp-content\/themes\/sedi-tema\/assets\/img\/icone-portali\/1x\/markets.webp 1x\" >\n                        <source type=\"image\/png\" srcset=\"https:\/\/ambcopenaghen.esteri.it\/wp-content\/themes\/sedi-tema\/assets\/img\/icone-portali\/markets.png\" >\n                        <img decoding=\"async\" loading=\"lazy\" width=\"40\" height=\"40\" class=\"rounded-0\" src=\"https:\/\/ambcopenaghen.esteri.it\/wp-content\/themes\/sedi-tema\/assets\/img\/icone-portali\/markets.png\"  alt=\"Nexus\" >\n                    <\/picture> \n                    <\/div>\n                    <div class=\"card-body\">\n                    <a class=\"text-white siti-tematici text-decoration-none\" title=\"G\u00e5 til portalen Nexus\" target=\"_blank\" href=\"https:\/\/nexus.esteri.it\/\" rel=\"noopener\">\n                    <p class=\"card-title h4\">\n                        Nexus                    <\/p>\n                    <p class=\"card-text text-sans-serif\">\n                        Your direct channel with the Foreign Ministry\u2019s and world\u2019s Trade Offices                    <\/p>\n                    <\/a>\n                    <\/div>\n                <\/div>\n                            <div class=\"card card-teaser card-bg-info rounded\">\n                    <div class=\"avatar siti-tematici-img size-lg me-3 rounded-0 bg-transparent\">\n                    <picture>\n                        <source type=\"image\/webp\" srcset=\"https:\/\/ambcopenaghen.esteri.it\/wp-content\/themes\/sedi-tema\/assets\/img\/icone-portali\/2x\/pc-2x.webp 2x,https:\/\/ambcopenaghen.esteri.it\/wp-content\/themes\/sedi-tema\/assets\/img\/icone-portali\/1x\/pc.webp 1x\" >\n                        <source type=\"image\/png\" srcset=\"https:\/\/ambcopenaghen.esteri.it\/wp-content\/themes\/sedi-tema\/assets\/img\/icone-portali\/pc.png\" >\n                        <img decoding=\"async\" loading=\"lazy\" width=\"40\" height=\"40\" class=\"rounded-0\" src=\"https:\/\/ambcopenaghen.esteri.it\/wp-content\/themes\/sedi-tema\/assets\/img\/icone-portali\/pc.png\"  alt=\"Prenot@Mi\" >\n                    <\/picture> \n                    <\/div>\n                    <div class=\"card-body\">\n                    <a class=\"text-white siti-tematici text-decoration-none\" title=\"G\u00e5 til portalen Prenot@Mi\" target=\"_blank\" href=\"https:\/\/prenotami.esteri.it\/\" rel=\"noopener\">\n                    <p class=\"card-title h4\">\n                        Prenot@Mi                    <\/p>\n                    <p class=\"card-text text-sans-serif\">\n                        On-line consular booking service                    <\/p>\n                    <\/a>\n                    <\/div>\n                <\/div>\n                            <div class=\"card card-teaser card-bg-primary rounded\">\n                    <div class=\"avatar siti-tematici-img size-lg me-3 rounded-0 bg-transparent\">\n                    <picture>\n                        <source type=\"image\/webp\" srcset=\"https:\/\/ambcopenaghen.esteri.it\/wp-content\/themes\/sedi-tema\/assets\/img\/icone-portali\/2x\/ico-italea-2x.webp 2x,https:\/\/ambcopenaghen.esteri.it\/wp-content\/themes\/sedi-tema\/assets\/img\/icone-portali\/1x\/ico-italea.webp 1x\" >\n                        <source type=\"image\/png\" srcset=\"https:\/\/ambcopenaghen.esteri.it\/wp-content\/themes\/sedi-tema\/assets\/img\/icone-portali\/ico-italea.png\" >\n                        <img decoding=\"async\" loading=\"lazy\" width=\"40\" height=\"40\" class=\"rounded-0\" src=\"https:\/\/ambcopenaghen.esteri.it\/wp-content\/themes\/sedi-tema\/assets\/img\/icone-portali\/ico-italea.png\"  alt=\"Italea\" >\n                    <\/picture> \n                    <\/div>\n                    <div class=\"card-body\">\n                    <a class=\"text-white siti-tematici text-decoration-none\" title=\"G\u00e5 til portalen Italea\" target=\"_blank\" href=\"https:\/\/italea.com\/\" rel=\"noopener\">\n                    <p class=\"card-title h4\">\n                        Italea                    <\/p>\n                    <p class=\"card-text text-sans-serif\">\n                        For those who want to rediscover their roots in Italy                    <\/p>\n                    <\/a>\n                    <\/div>\n                <\/div>\n                        <\/div>\n          <\/div>\n          <div class=\"row mb-4\">\n            <div class=\"col-md-12 text-center\">\n              <a class=\"btn btn-outline-primary\" target=\"_blank\" rel=\"noopener\" title=\"Udforsk alle portaler\" href=\"https:\/\/www.esteri.it\/it\/ministero\/portali-del-ministero-degli-affari-esteri\/\">Udforsk alle portaler<\/a>\n           <\/div>\n          <\/div>\n        <\/section>\n        \n        <section class=\"container-fluid pt-5 pb-5\">\n            <div class=\"container\">\n                <div class=\"row\">\n                    <div class=\"col-12 text-center mb-5\">\n                        <h3>F\u00f8lg os p\u00e5 #SoMe<\/h3>\n                    <\/div>\n                <\/div>\n                <div class=\"row text-center\">\n                                        <div class=\"col \">\n                        <a target=\"_blank\" href=\"https:\/\/www.instagram.com\/italyindk\/\" title=\"G\u00e5 til kanal instagram\" rel=\"noopener\">\n                            <picture>\n                                <source type=\"image\/webp\" srcset=\"https:\/\/ambcopenaghen.esteri.it\/wp-content\/themes\/sedi-tema\/assets\/img\/social-ico\/2x\/instagram-ico-2x.webp 2x,https:\/\/ambcopenaghen.esteri.it\/wp-content\/themes\/sedi-tema\/assets\/img\/social-ico\/1x\/instagram-ico.webp 1x\" >\n                                <source type=\"image\/png\" srcset=\"https:\/\/ambcopenaghen.esteri.it\/wp-content\/themes\/sedi-tema\/assets\/img\/social-ico\/instagram-ico.png\" >\n                                <img decoding=\"async\" loading=\"lazy\" width=\"100\" height=\"100\" src=\"https:\/\/ambcopenaghen.esteri.it\/wp-content\/themes\/sedi-tema\/assets\/img\/social-ico\/instagram-ico.png\" class=\"figure-img ico-social\" alt=\"Social instagram\" >\n                            <\/picture> \n                        <\/a>\n                    <\/div>\n                                        <div class=\"col \">\n                        <a target=\"_blank\" href=\"https:\/\/twitter.com\/ItalyinDK\" title=\"G\u00e5 til kanal twitter\" rel=\"noopener\">\n                            <picture>\n                                <source type=\"image\/webp\" srcset=\"https:\/\/ambcopenaghen.esteri.it\/wp-content\/themes\/sedi-tema\/assets\/img\/social-ico\/2x\/twitter-ico-2x.webp 2x,https:\/\/ambcopenaghen.esteri.it\/wp-content\/themes\/sedi-tema\/assets\/img\/social-ico\/1x\/twitter-ico.webp 1x\" >\n                                <source type=\"image\/png\" srcset=\"https:\/\/ambcopenaghen.esteri.it\/wp-content\/themes\/sedi-tema\/assets\/img\/social-ico\/twitter-ico.png\" >\n                                <img decoding=\"async\" loading=\"lazy\" width=\"100\" height=\"100\" src=\"https:\/\/ambcopenaghen.esteri.it\/wp-content\/themes\/sedi-tema\/assets\/img\/social-ico\/twitter-ico.png\" class=\"figure-img ico-social\" alt=\"Social twitter\" >\n                            <\/picture> \n                        <\/a>\n                    <\/div>\n                                        <div class=\"col \">\n                        <a target=\"_blank\" href=\"https:\/\/www.youtube.com\/channel\/UCgcgxaQO0E2kInNNeB8r4oA\" title=\"G\u00e5 til kanal youtube\" rel=\"noopener\">\n                            <picture>\n                                <source type=\"image\/webp\" srcset=\"https:\/\/ambcopenaghen.esteri.it\/wp-content\/themes\/sedi-tema\/assets\/img\/social-ico\/2x\/youtube-ico-2x.webp 2x,https:\/\/ambcopenaghen.esteri.it\/wp-content\/themes\/sedi-tema\/assets\/img\/social-ico\/1x\/youtube-ico.webp 1x\" >\n                                <source type=\"image\/png\" srcset=\"https:\/\/ambcopenaghen.esteri.it\/wp-content\/themes\/sedi-tema\/assets\/img\/social-ico\/youtube-ico.png\" >\n                                <img decoding=\"async\" loading=\"lazy\" width=\"100\" height=\"100\" src=\"https:\/\/ambcopenaghen.esteri.it\/wp-content\/themes\/sedi-tema\/assets\/img\/social-ico\/youtube-ico.png\" class=\"figure-img ico-social\" alt=\"Social youtube\" >\n                            <\/picture> \n                        <\/a>\n                    <\/div>\n                                        <div class=\"col \">\n                        <a target=\"_blank\" href=\"https:\/\/www.spreaker.com\/user\/italymfa\" title=\"G\u00e5 til kanal spreaker\" rel=\"noopener\">\n                            <picture>\n                                <source type=\"image\/webp\" srcset=\"https:\/\/ambcopenaghen.esteri.it\/wp-content\/themes\/sedi-tema\/assets\/img\/social-ico\/2x\/spreaker-ico-2x.webp 2x,https:\/\/ambcopenaghen.esteri.it\/wp-content\/themes\/sedi-tema\/assets\/img\/social-ico\/1x\/spreaker-ico.webp 1x\" >\n                                <source type=\"image\/png\" srcset=\"https:\/\/ambcopenaghen.esteri.it\/wp-content\/themes\/sedi-tema\/assets\/img\/social-ico\/spreaker-ico.png\" >\n                                <img decoding=\"async\" loading=\"lazy\" width=\"100\" height=\"100\" src=\"https:\/\/ambcopenaghen.esteri.it\/wp-content\/themes\/sedi-tema\/assets\/img\/social-ico\/spreaker-ico.png\" class=\"figure-img ico-social\" alt=\"Social spreaker\" >\n                            <\/picture> \n                        <\/a>\n                    <\/div>\n                                    <\/div>\n                <div class=\"row mb-4 mt-4\">\n                    <div class=\"col-md-12 text-center\">\n                        <a class=\"btn btn-outline-primary\" target=\"_blank\" rel=\"noopener\" title=\"Udforsk de sociale netv\u00e6rk i Farnesina-netv\u00e6rket\" href=\"https:\/\/www.esteri.it\/it\/sala_stampa\/socialfarnesina\/\">Udforsk de sociale netv\u00e6rk i Farnesina-netv\u00e6rket<\/a>\n                    <\/div>\n                <\/div>\n            <\/div>\n        <\/section>\n       \n        <!-- Blocco Banner -->\n        <section class=\"container-fluid c-line lightgrey-bg-a4 pb-5 pt-5 banners-hp\">\n          <h2 class=\"visually-hidden\">Bannerblok<\/h2>\n                      <div class=\"container\">\n                <div class=\"row\">\n                    <div class=\"col-12\">\n                        <div class=\"it-carousel-wrapper it-carousel-landscape-abstract-three-cols splide\" data-bs-carousel-splide>\n                            <div class=\"splide__track\">\n                                <ul class=\"splide__list\">\n                                                                    <li class=\"splide__slide\">\n                                        <div class=\"it-single-slide-wrapper\">\n                                            <div class=\"card-wrapper\">\n                                                <div class=\"card card-img no-after\">\n                                                    <div class=\"img-responsive-wrapper\">\n                                                        <div class=\"img-responsive\">\n                                                            <div class=\"img-wrapper\">\n                                                                <a href=\"https:\/\/www.esteri.it\/it\/politica-estera-e-cooperazione-allo-sviluppo\/aree_geografiche\/europa\/litalia-a-sostegno-dellucraina\/\" title=\"G\u00e5 til siden https:\/\/www.esteri.it\/it\/politica-estera-e-cooperazione-allo-sviluppo\/aree_geografiche\/europa\/litalia-a-sostegno-dellucraina\/\" target=\"_blank\">\n                                                                    <img decoding=\"async\" loading=\"lazy\" width=\"640\" height=\"427\" src=\"https:\/\/ambcopenaghen.esteri.it\/wp-content\/uploads\/2023\/04\/LItalia-e-il-conflitto-in-Ucraina-2-768x512.jpg\" srcset=\"https:\/\/ambcopenaghen.esteri.it\/wp-content\/uploads\/2023\/04\/LItalia-e-il-conflitto-in-Ucraina-2-300x200.jpg 300w, https:\/\/ambcopenaghen.esteri.it\/wp-content\/uploads\/2023\/04\/LItalia-e-il-conflitto-in-Ucraina-2-768x512.jpg 768w, https:\/\/ambcopenaghen.esteri.it\/wp-content\/uploads\/2023\/04\/LItalia-e-il-conflitto-in-Ucraina-2.jpg 1024w\" sizes=\"auto, (max-width: 1024px) 100vw, 1024px\" class=\"figure-img img-fluid\" alt=\"G\u00e5 til siden https:\/\/www.esteri.it\/it\/politica-estera-e-cooperazione-allo-sviluppo\/aree_geografiche\/europa\/litalia-a-sostegno-dellucraina\/\">\n                                                                <\/a>\n                                                            <\/div>\n                                                        <\/div>\n                                                    <\/div>\n                                                <\/div>\n                                            <\/div>\n                                        <\/div>\n                                    <\/li>\n                                                                    <li class=\"splide__slide\">\n                                        <div class=\"it-single-slide-wrapper\">\n                                            <div class=\"card-wrapper\">\n                                                <div class=\"card card-img no-after\">\n                                                    <div class=\"img-responsive-wrapper\">\n                                                        <div class=\"img-responsive\">\n                                                            <div class=\"img-wrapper\">\n                                                                <a href=\"https:\/\/www.spid.gov.it\/cos-e-spid\/come-attivare-spid\/spid-per-i-cittadini-italiani-allestero\/\" title=\"G\u00e5 til siden https:\/\/www.spid.gov.it\/cos-e-spid\/come-attivare-spid\/spid-per-i-cittadini-italiani-allestero\/\" target=\"_blank\">\n                                                                    <img decoding=\"async\" loading=\"lazy\" width=\"640\" height=\"392\" src=\"https:\/\/ambcopenaghen.esteri.it\/wp-content\/uploads\/2024\/09\/SPID-768x470.jpg\" srcset=\"https:\/\/ambcopenaghen.esteri.it\/wp-content\/uploads\/2024\/09\/SPID-300x184.jpg 300w, https:\/\/ambcopenaghen.esteri.it\/wp-content\/uploads\/2024\/09\/SPID-768x470.jpg 768w, https:\/\/ambcopenaghen.esteri.it\/wp-content\/uploads\/2024\/09\/SPID.jpg 867w\" sizes=\"auto, (max-width: 867px) 100vw, 867px\" class=\"figure-img img-fluid\" alt=\"G\u00e5 til siden https:\/\/www.spid.gov.it\/cos-e-spid\/come-attivare-spid\/spid-per-i-cittadini-italiani-allestero\/\">\n                                                                <\/a>\n                                                            <\/div>\n                                                        <\/div>\n                                                    <\/div>\n                                                <\/div>\n                                            <\/div>\n                                        <\/div>\n                                    <\/li>\n                                                                    <li class=\"splide__slide\">\n                                        <div class=\"it-single-slide-wrapper\">\n                                            <div class=\"card-wrapper\">\n                                                <div class=\"card card-img no-after\">\n                                                    <div class=\"img-responsive-wrapper\">\n                                                        <div class=\"img-responsive\">\n                                                            <div class=\"img-wrapper\">\n                                                                <a href=\"https:\/\/www.viaggiaresicuri.it\/home\" title=\"G\u00e5 til siden https:\/\/www.viaggiaresicuri.it\/home\" target=\"_blank\">\n                                                                    <img decoding=\"async\" loading=\"lazy\" width=\"640\" height=\"423\" src=\"https:\/\/ambcopenaghen.esteri.it\/wp-content\/uploads\/2023\/07\/Viaggiare-Sicuri-768x507.jpeg\" srcset=\"https:\/\/ambcopenaghen.esteri.it\/wp-content\/uploads\/2023\/07\/Viaggiare-Sicuri-300x198.jpeg 300w, https:\/\/ambcopenaghen.esteri.it\/wp-content\/uploads\/2023\/07\/Viaggiare-Sicuri-768x507.jpeg 768w, https:\/\/ambcopenaghen.esteri.it\/wp-content\/uploads\/2023\/07\/Viaggiare-Sicuri.jpeg 796w\" sizes=\"auto, (max-width: 796px) 100vw, 796px\" class=\"figure-img img-fluid\" alt=\"G\u00e5 til siden https:\/\/www.viaggiaresicuri.it\/home\">\n                                                                <\/a>\n                                                            <\/div>\n                                                        <\/div>\n                                                    <\/div>\n                                                <\/div>\n                                            <\/div>\n                                        <\/div>\n                                    <\/li>\n                                                                    <li class=\"splide__slide\">\n                                        <div class=\"it-single-slide-wrapper\">\n                                            <div class=\"card-wrapper\">\n                                                <div class=\"card card-img no-after\">\n                                                    <div class=\"img-responsive-wrapper\">\n                                                        <div class=\"img-responsive\">\n                                                            <div class=\"img-wrapper\">\n                                                                <a href=\"https:\/\/ambcopenaghen.esteri.it\/it\/news\/dall_ambasciata\/2024\/03\/agevolazione-frecciarossa-per-gli-italiani-residenti-allestero\/\" title=\"G\u00e5 til siden https:\/\/ambcopenaghen.esteri.it\/it\/news\/dall_ambasciata\/2024\/03\/agevolazione-frecciarossa-per-gli-italiani-residenti-allestero\/\" target=\"_blank\">\n                                                                    <img decoding=\"async\" loading=\"lazy\" width=\"640\" height=\"421\" src=\"https:\/\/ambcopenaghen.esteri.it\/wp-content\/uploads\/2024\/03\/Frecciarossa_Instagram.png\" srcset=\"https:\/\/ambcopenaghen.esteri.it\/wp-content\/uploads\/2024\/03\/Frecciarossa_Instagram-300x197.png 300w, https:\/\/ambcopenaghen.esteri.it\/wp-content\/uploads\/2024\/03\/Frecciarossa_Instagram.png 680w\" sizes=\"auto, (max-width: 680px) 100vw, 680px\" class=\"figure-img img-fluid\" alt=\"G\u00e5 til siden https:\/\/ambcopenaghen.esteri.it\/it\/news\/dall_ambasciata\/2024\/03\/agevolazione-frecciarossa-per-gli-italiani-residenti-allestero\/\">\n                                                                <\/a>\n                                                            <\/div>\n                                                        <\/div>\n                                                    <\/div>\n                                                <\/div>\n                                            <\/div>\n                                        <\/div>\n                                    <\/li>\n                                                                <\/ul>\n                            <\/div>\n                        <\/div>\n                    <\/div>\n                <\/div>\n            <\/div>\n                  <\/section>\n        \n","protected":false},"excerpt":{"rendered":"","protected":false},"author":1,"featured_media":0,"parent":0,"menu_order":0,"comment_status":"closed","ping_status":"closed","template":"page-home.php","meta":{"footnotes":""},"class_list":["post-184","page","type-page","status-publish","hentry"],"_links":{"self":[{"href":"https:\/\/ambcopenaghen.esteri.it\/da\/wp-json\/wp\/v2\/pages\/184","targetHints":{"allow":["GET"]}}],"collection":[{"href":"https:\/\/ambcopenaghen.esteri.it\/da\/wp-json\/wp\/v2\/pages"}],"about":[{"href":"https:\/\/ambcopenaghen.esteri.it\/da\/wp-json\/wp\/v2\/types\/page"}],"author":[{"embeddable":true,"href":"https:\/\/ambcopenaghen.esteri.it\/da\/wp-json\/wp\/v2\/users\/1"}],"replies":[{"embeddable":true,"href":"https:\/\/ambcopenaghen.esteri.it\/da\/wp-json\/wp\/v2\/comments?post=184"}],"version-history":[{"count":0,"href":"https:\/\/ambcopenaghen.esteri.it\/da\/wp-json\/wp\/v2\/pages\/184\/revisions"}],"wp:attachment":[{"href":"https:\/\/ambcopenaghen.esteri.it\/da\/wp-json\/wp\/v2\/media?parent=184"}],"curies":[{"name":"wp","href":"https:\/\/api.w.org\/{rel}","templated":true}]}}